{"id":7261,"date":"2021-09-10T10:07:13","date_gmt":"2021-09-10T15:07:13","guid":{"rendered":"https:\/\/reprogramacionintegral.com\/?page_id=7261"},"modified":"2022-08-09T18:06:48","modified_gmt":"2022-08-09T23:06:48","slug":"hotmart-ebook-antidepresivos-naturales","status":"publish","type":"page","link":"https:\/\/reprogramacionintegral.com\/index.php\/hotmart-ebook-antidepresivos-naturales\/","title":{"rendered":"hotmart ebook antidepresivos naturales"},"content":{"rendered":"<p><a class=\"tcb-logo thrv_wrapper\" target=\"_blank\" href=\"https:\/\/reprogramacionintegral.com\" data-css=\"tve-u-17bd049ebe2\" data-img-style=\"\" class=\"\"><img src=\"https:\/\/reprogramacionintegral.com\/wp-content\/uploads\/2021\/05\/logo-extra-grande.png\" height=\"1080\" width=\"1920\" alt=\"\" style=\"\"><\/img><\/a><span><img decoding=\"async\" alt=\"\" data-id=\"7280\" width=\"1660\" data-init-width=\"1920\" height=\"934\" data-init-height=\"1080\" title=\"fondo Ebook\" src=\"https:\/\/reprogramacionintegral.com\/wp-content\/uploads\/2021\/09\/fondo-Ebook.png\" data-width=\"1660\" data-height=\"934\" loading=\"lazy\"><\/span><\/p>\n<p style=\"text-align: center;\"><span>En los \u00faltimos a\u00f1os la depresi\u00f3n &nbsp;ha ido en aumento, cada vez escuchamos m\u00e1s de personas que padecen depresi\u00f3n<\/span><\/p>\n<p style=\"text-align: center;\">\n<p style=\"text-align: center;\"><span>La depresi\u00f3n tiene una raz\u00f3n de ser, cuando estamos en depresi\u00f3n necesitamos hacer una<\/span> <span>introspecci\u00f3n, ir dentro, enfocarnos en lo que nos entristece o nos preocupa, para despu\u00e9s salir al mundo habiendo<\/span> <span>reflexionado, aprendido y encontrado respuestas para poder fluir a pesar de, por lo que entrar en depresi\u00f3n es un<\/span> <span>proceso natural del cuerpo de adaptarse al presente, lo malo es cuando te quedas atorado e inmerso en la depresi\u00f3n&nbsp;<\/span><\/p>\n<p style=\"text-align: center;\">\n<p style=\"text-align: center;\">\n<p style=\"text-align: center;\"><span style=\"\"><span style=\"\"><strong><span style=\"\"><span style=\"\"><strong><strong><strong><b><strong><span style=\"\">La depresi\u00f3n es m\u00e1s que una tristeza&nbsp;<\/span><\/strong><\/b><\/strong><\/strong><\/strong><\/span><\/span><\/strong><\/span><\/span><\/p>\n<p \"=\"\" style=\"text-align: center;\" tve-droppable\"=\"\">\n<p \"=\"\" style=\"text-align: center;\" tve-droppable\"=\"\"><span><span><span style=\"\"><span style=\"\"><span style=\"\"><b>Pierdes inter\u00e9s en lo que antes disfrutabas hacer<\/b><\/span><\/span><\/span><\/span><\/span><\/p>\n<p \"=\"\" style=\"text-align: center;\" tve-droppable\"=\"\"><span><span><span style=\"\"><span style=\"\"><span style=\"\"><b>Te sientes sin energ\u00eda = Inactividad<\/b><\/span><\/span><\/span><\/span><\/span><\/p>\n<p \"=\"\" style=\"text-align: center;\" tve-droppable\"=\"\"><span><span><span style=\"\"><span style=\"\"><span style=\"\"><b>Quieres estar en soledad y no paras de llorar<\/b><\/span><\/span><\/span><\/span><\/span><\/p>\n<p \"=\"\" style=\"text-align: center;\" tve-droppable\"=\"\"><span><span><span style=\"\"><span style=\"\"><span style=\"\"><b>Levantarte de la cama es todo un reto<\/b><\/span><\/span><\/span><\/span><\/span><\/p>\n<p \"=\"\" style=\"text-align: center;\" tve-droppable\"=\"\"><span><span><span style=\"\"><span style=\"\"><span style=\"\"><b>Sientes apat\u00eda y desmotivaci\u00f3n nada tiene sentido<\/b><\/span><\/span><\/span><\/span><\/span><\/p>\n<p \"=\"\" style=\"text-align: center;\" tve-droppable\"=\"\">\n<p style=\"text-align: center;\">\n<h4 _msthash=\"1056640\" _msthidden=\"1\" _msttexthash=\"407329\" style=\"text-align: center;\"><\/h4>\n<p style=\"text-align: center;\"><strong><span>Re-con\u00e9ctate con la vida<\/span><\/strong><\/p>\n<p style=\"text-align: center;\"><strong><span><span>Vuelve a sentir felicidad,<\/span> <span>entusiasmo y motivaci\u00f3n<\/span><\/span><\/strong><\/p>\n<p style=\"text-align: center;\"><strong><span>Recupera tu equilibrio emocional<\/span><\/strong><\/p>\n<p style=\"text-align: center;\">\n<\/p>\n<p><span><img decoding=\"async\" alt=\"\" data-id=\"7246\" width=\"512\" data-init-width=\"512\" height=\"800\" data-init-height=\"800\" title=\"E-book Portada.\" src=\"https:\/\/reprogramacionintegral.com\/wp-content\/uploads\/2021\/09\/E-book-Portada..png\" data-width=\"512\" data-height=\"800\" loading=\"lazy\"><\/span><\/p>\n<p _msthash=\"1056640\" _msthidden=\"1\" _msttexthash=\"407329\" style=\"text-align: center;\">Los Antidepresivos Naturales&nbsp;<\/p>\n<p _msthash=\"1056640\" _msthidden=\"1\" _msttexthash=\"407329\" style=\"text-align: center;\">&nbsp;Son una serie de acciones a realizar diariamente que facilitan al cerebro la producci\u00f3n de sustancias como las endorfinas que &nbsp;ayudan a recuperar el &nbsp;bienestar y la energ\u00eda vital.<\/p>\n<p _msthash=\"1056640\" _msthidden=\"1\" _msttexthash=\"407329\" style=\"text-align: center;\">\n<p _msthash=\"1056640\" _msthidden=\"1\" _msttexthash=\"407329\" style=\"text-align: center;\">Son herramientas que ayudan &nbsp;a elevar la vibraci\u00f3n de la persona, lo que apoya a que se confronten de una mejor manera las situaciones que se presentan en la vida diaria.<\/p>\n<p _msthash=\"1056640\" _msthidden=\"1\" _msttexthash=\"407329\" style=\"text-align: center;\">\n<p _msthash=\"1056640\" _msthidden=\"1\" _msttexthash=\"407329\" style=\"text-align: center;\">&nbsp;<\/p>\n<p _msthash=\"1056640\" _msthidden=\"1\" _msttexthash=\"407329\" style=\"text-align: center;\"><em>5\u20ac<\/em><\/p>\n<p _msthash=\"1074944\" _msttexthash=\"901862\" style=\"text-align: center;\"><span style=\"color: rgb(0, 0, 0);\"><\/span><\/p>\n<p _msthash=\"1074945\" _msttexthash=\"391846\" style=\"text-align: center;\">\n<p _msthash=\"1074945\" _msttexthash=\"391846\" style=\"text-align: center;\">\n<p style=\"text-align: center;\" _msthash=\"3022513\" _msttexthash=\"459134\">Perm\u00edteme presentarme<\/p>\n<p style=\"text-align: center;\">\n<\/p>\n<p><span>\u00a1Hola! soy Carmen Campos, psicoterapeuta especialista en Programaci\u00f3n Mental Positiva y Gesti\u00f3n Emocional, &nbsp;soy una apasionada del auto-conocimiento, la superaci\u00f3n personal y del funcionamiento del cerebro en relaci\u00f3n al comportamiento humano, creo que el ser humano tiene la capacidad de conectar con su m\u00e1ximo potencial si as\u00ed se lo propone y volverse co-creador de su vida.Actualmente doy consulta online a nivel mundial y consulta presencial en la Ciudad de M\u00e9xico e imparto cursos online.A lo largo de m\u00e1s de 16 a\u00f1os he tenido la oportunidad de acceder a diferentes m\u00e9todos y t\u00e9cnicas que me han permitido crecer como persona y profesionalmente por lo que decid\u00ed formarme como terapeuta y facilitadora de los m\u00e9todos que prob\u00e9 personalmente y que hicieron cambios positivos en m\u00ed en lo personal y en lo profesional eso fue lo que me llevo a &nbsp;crear el &nbsp;<b style=\"color: rgb(249, 249, 251);\">m\u00e9todo &nbsp;Reprogramaci\u00f3n Integral, basado en la neurociencia, la f\u00edsica cu\u00e1ntica as\u00ed como en conocimientos ancestrales y t\u00e9cnicas milenarias, soy creadora del &nbsp;curso &nbsp;&#8220;Programaci\u00f3n Mental Positiva\u201d, del &nbsp;curso para Terapeutas &nbsp;&#8220;Expansi\u00f3n Profesional&#8221; Monetiza tu&nbsp;<\/b><b>conocimiento<\/b><b style=\"color: rgb(249, 249, 251);\">&nbsp;y tu pasi\u00f3n , de una serie&#8221;Audios de Programaci\u00f3n Mental Positiva&#8221; y de este e-book de antidepresivos naturales.<\/b><\/span><span style=\"color: rgb(249, 249, 251);\">Disfruto mucho de acompa\u00f1ar a personas en su proceso de auto-conocimiento y crecimiento personal, profesional y espiritual, comparti\u00e9ndoles herramientas y conocimientos que les permiten ir a la ra\u00edz de su problema y desde ah\u00ed lograr el cambio que desean, les ayudo a transformar sus creencias limitantes, a sanar heridas emocionales de experiencias dolorosas del pasado y &nbsp;a lograr actuar de manera coherente para conectar con la plenitud y la satisfacci\u00f3n al relacionarse con ellos mismos y con los dem\u00e1s desde su mejor versi\u00f3n.<\/span><\/p>\n<p><span style=\"width: 100%;\"><img decoding=\"async\" alt=\"\" width=\"383\" height=\"684\" title=\"IMG_4888-e1597540098717-2-2-1-1\" data-id=\"7265\" src=\"https:\/\/reprogramacionintegral.com\/wp-content\/uploads\/2021\/09\/IMG_4888-e1597540098717-2-2-1-1.png\" style=\"\" data-width=\"383\" data-height=\"684\" data-init-width=\"280\" data-init-height=\"500\" ml-d=\"-1\" loading=\"lazy\"><span><\/span><\/span><\/p>\n<p _msthash=\"972816\" _msthidden=\"1\" _msttexthash=\"407329\" style=\"text-align: center;\"><em>&nbsp;<\/em><\/p>\n<\/p>\n<h1 style=\"\"><span style=\"font-weight: 400; font-family: Palanquin;\"><span _msthash=\"3063021\" _msttexthash=\"748020\">\u201c<\/span><\/span><\/h1>\n<p><span>&nbsp;<\/span><span><span _msthash=\"3227146\" _msttexthash=\"4630483\">&nbsp; &nbsp; Hola mi nombre es Daniela, quiero contarles que me encant\u00f3 la sesi\u00f3n que tuve con Carmen!!!<\/span><\/span><\/p>\n<p style=\"text-align: center;\"><span><span _msthash=\"3532984\" _msttexthash=\"39007644\">Ella fue muy amorosa, amable y paciente, logr\u00f3 acompa\u00f1arme y guiarme durante toda la sesi\u00f3n y logramos ir muy profundo a la ra\u00edz de lo que necesitaba sanar, me sent\u00ed muy comprendida y contenida todo el tiempo y pude sentir los resultados literalmente a la ma\u00f1ana siguiente!!!<\/span><\/span><\/p>\n<p style=\"text-align: center;\"><span _msthash=\"3532985\" _msttexthash=\"7541859\">Me siento muy agradecida de haberla encontrado en mi camino de crecimiento interior y de reencuentro conmigo misma!!!<\/span><\/p>\n<p style=\"text-align: center;\">\n<p style=\"text-align: center;\" _msthash=\"3023761\" _msttexthash=\"327912\">&nbsp;Daniela &#8211; Argentina<\/p>\n<h1 style=\"\"><span style=\"font-weight: 400; font-family: Palanquin;\"><span _msthash=\"4129541\" _msttexthash=\"748020\">\u201c<\/span><\/span><\/h1>\n<p style=\"text-align: center;\"><span _msthash=\"4671784\" _msttexthash=\"5247567\">Hola Carmen Campos es una gran terapeuta, comprometida con sus pacientes <img decoding=\"async\" height=\"16\" width=\"16\" alt=\"\ud83d\ude09\" src=\"https:\/\/static.xx.fbcdn.net\/images\/emoji.php\/v9\/tb0\/1.5\/16\/1f609.png\" loading=\"lazy\">&nbsp;muchas gracias Carmen.<\/span><\/p>\n<p style=\"text-align: center;\">\n<p style=\"text-align: center;\"><span _msthash=\"4671785\" _msttexthash=\"3824301\">https:\/\/www.facebook.com\/permalink.php?story_fbid=1424331334432101&amp;id=100005657432604<\/span><\/p>\n<h1 style=\"text-align: center;\"><span style=\"font-family: &quot;Playfair Display&quot;; font-weight: 400;\" _msthash=\"4129542\" _msttexthash=\"268684\"><span style=\"color: rgb(68, 66, 68);\"><em>Avelina&nbsp;<\/em><\/span><span><span style=\"color: rgb(61, 66, 100);\">&#8211; M\u00e9xico<\/span><\/span><\/span><\/h1>\n<h1 style=\"\"><span style=\"font-weight: 400; font-family: Palanquin;\"><span _msthash=\"7488416\" _msttexthash=\"748020\">\u201c<\/span><\/span><\/h1>\n<p style=\"text-align: center;\"><span _msthash=\"4671786\" _msttexthash=\"25386478\"><span>Quiero compartirles mi experiencia con las terapias de Carmen, realmente he sentido un cambio en mi para bien, ahora me enfoco en mi, en lo que me gusta y lo que deseo lograr, he dejado el pasado atr\u00e1s y se a donde quiero llegar<\/span>.<\/span><\/p>\n<h1 style=\"text-align: center;\"><span style=\"font-family: &quot;Playfair Display&quot;; font-weight: 400;\" _msthash=\"4129543\" _msttexthash=\"232752\"><span style=\"color: rgb(68, 66, 68);\"><em>Bel\u00e9n<\/em><\/span><span><span style=\"color: rgb(68, 66, 68);\">&nbsp;<\/span><span style=\"color: rgb(61, 66, 100);\">-Espa\u00f1a<\/span><\/span><\/span><\/h1>\n<p><span><a href=\"http:\/\/ https:\/\/www.reprogramacionintegral.com\/\"><img decoding=\"async\" alt=\"\" data-id=\"6019\" width=\"146\" data-init-width=\"1920\" height=\"82\" data-init-height=\"1080\" title=\"logo-extra-grande-5\" src=\"https:\/\/reprogramacionintegral.com\/wp-content\/uploads\/2021\/07\/logo-extra-grande-5-2.png\" data-width=\"146\" data-height=\"82\" style=\"\" data-link-wrap=\"true\" loading=\"lazy\"><\/a><\/span><\/p>\n<p _msthash=\"1056640\" _msthidden=\"1\" _msttexthash=\"407329\" style=\"text-align: center;\"><a href=\"http:\/\/ https:\/\/www.reprogramacionintegral.com\/\" target=\"_blank\" style=\"outline: none;\" rel=\"noopener\">https:\/\/reprogramacionintegral.com<\/a><\/p>\n<p _msthash=\"1056640\" _msthidden=\"1\" _msttexthash=\"407329\" style=\"text-align: center;\"><a href=\"http:\/\/menteatufavor.com\" target=\"_blank\" style=\"outline: none;\" rel=\"noopener\">menteatufavor.com<\/a><\/p>\n<p><a href=\"https:\/\/wa.me\/525532336912?text=\" target=\"_blank\" rel=\"noopener\">                    <\/a><\/p>\n<p style=\"text-align: center;\"><a href=\"https:\/\/wa.me\/525532336912?text=\" target=\"_blank\" style=\"outline: none;\" rel=\"noopener\">525532336912<\/a><\/p>\n<p><a href=\"mailto:carmencampos@menteatufavor.com\" target=\"_blank\" rel=\"noopener\">                    <\/a><\/p>\n<p style=\"text-align: center;\"><a href=\"mailto:carmencampos@menteatufavor.com\" target=\"_blank\" style=\"outline: none;\" rel=\"noopener\">carmencampos@menteatufavor.com<\/a><\/p>\n<h4 _msthash=\"825812\" _msttexthash=\"40140412\" style=\"text-align: center;\"><span>\u00a9 2021 Reprogramaci\u00f3n Integral \u2013<\/span><span><span>Todos los derechos<\/span> <span>reservados<\/span><\/span><\/h4>\n<h4 _msthash=\"825812\" _msttexthash=\"40140412\" style=\"text-align: center;\"><span _istranslated=\"1\"><span><span> <a href=\"https:\/\/reprogramacionintegral.com\/index.php\/aviso-legal\/\" style=\"outline: none;\" _istranslated=\"1\"> Aviso Legal<\/a> \u2013 <a href=\"https:\/\/reprogramacionintegral.com\/index.php\/politica-de-privacidad-y-cookies\/\" target=\"_blank\" style=\"outline: none;\" _istranslated=\"1\" rel=\"noopener\">Pol\u00edtica de Privacidad <\/a>\u2013 <a href=\"https:\/\/reprogramacionintegral.com\/index.php\/politica-de-privacidad-y-cookies\/\" style=\"outline: none;\" _istranslated=\"1\">Cookies<\/a> \u2013 <\/span><\/span><a href=\"https:\/\/reprogramacionintegral.com\/index.php\/politica-de-contratacion\/\" style=\"outline: none;\" _istranslated=\"1\"><span>Contrataci\u00f3n<\/span><\/a> <\/span><\/h4>\n","protected":false},"excerpt":{"rendered":"<p>En los \u00faltimos a\u00f1os la depresi\u00f3n &nbsp;ha ido en aumento, cada vez escuchamos m\u00e1s de personas que padecen depresi\u00f3n La depresi\u00f3n tiene una raz\u00f3n de ser, cuando estamos en depresi\u00f3n necesitamos hacer una introspecci\u00f3n, ir dentro, enfocarnos en lo que nos entristece o nos preocupa, para despu\u00e9s salir al mundo habiendo reflexionado, aprendido y encontrado [&hellip;]<\/p>\n","protected":false},"author":1,"featured_media":0,"parent":0,"menu_order":0,"comment_status":"closed","ping_status":"closed","template":"","meta":[],"aioseo_notices":[],"_links":{"self":[{"href":"https:\/\/reprogramacionintegral.com\/index.php\/wp-json\/wp\/v2\/pages\/7261"}],"collection":[{"href":"https:\/\/reprogramacionintegral.com\/index.php\/wp-json\/wp\/v2\/pages"}],"about":[{"href":"https:\/\/reprogramacionintegral.com\/index.php\/wp-json\/wp\/v2\/types\/page"}],"author":[{"embeddable":true,"href":"https:\/\/reprogramacionintegral.com\/index.php\/wp-json\/wp\/v2\/users\/1"}],"replies":[{"embeddable":true,"href":"https:\/\/reprogramacionintegral.com\/index.php\/wp-json\/wp\/v2\/comments?post=7261"}],"version-history":[{"count":19,"href":"https:\/\/reprogramacionintegral.com\/index.php\/wp-json\/wp\/v2\/pages\/7261\/revisions"}],"predecessor-version":[{"id":7884,"href":"https:\/\/reprogramacionintegral.com\/index.php\/wp-json\/wp\/v2\/pages\/7261\/revisions\/7884"}],"wp:attachment":[{"href":"https:\/\/reprogramacionintegral.com\/index.php\/wp-json\/wp\/v2\/media?parent=7261"}],"curies":[{"name":"wp","href":"https:\/\/api.w.org\/{rel}","templated":true}]}}